{"id":7461,"date":"2026-03-10T13:59:03","date_gmt":"2026-03-10T11:59:03","guid":{"rendered":"https:\/\/centida.com\/insights\/webinare\/"},"modified":"2026-09-02T10:09:37","modified_gmt":"2026-09-02T08:09:37","slug":"webinare","status":"publish","type":"page","link":"https:\/\/centida.com\/de\/insights\/webinare\/","title":{"rendered":"Videos"},"content":{"rendered":"<div class=\"et_pb_section_0 et_pb_section et_section_regular et_block_section\">\n<div class=\"et_pb_row_0 et_pb_row et_block_row\">\n<div class=\"et_pb_column_0 et_pb_column et_pb_column_4_4 et-last-child et_block_column et_pb_css_mix_blend_mode_passthrough\">\n<div class=\"et_pb_heading_0 et_pb_heading et_pb_module et_block_module\"><div class=\"et_pb_heading_container\"><h1 class=\"et_pb_module_header\">Videos<\/h1><\/div><\/div>\n\n<div class=\"et_pb_text_0 et_pb_text et_pb_bg_layout_light et_pb_module et_block_module preset--module--divi-text--default\"><div class=\"et_pb_text_inner\"><p>Webinare, Experteninterviews und Kurzvideos zu Planung, Forecasting und Unternehmenssteuerung. Jede Session dreht sich um die realen Management-Herausforderungen mittelst\u00e4ndischer Industrie- und Technologieunternehmen. <\/p>\n<\/div><\/div>\n<\/div>\n<\/div>\n<\/div>\n\n<div class=\"et_pb_section_1 et_pb_section et_section_regular et_block_section\">\n<div class=\"et_pb_row_1 et_pb_row et_block_row\">\n<div class=\"et_pb_column_1 et_pb_column et_pb_column_4_4 et-last-child et_block_column et_pb_css_mix_blend_mode_passthrough\">\n<div class=\"et_pb_heading_1 et_pb_heading et_pb_module et_block_module\"><div class=\"et_pb_heading_container\"><h3 class=\"et_pb_module_header\">Aktuelle Videos<\/h3><\/div><\/div>\n\n<div class=\"et_pb_blog_0 et_pb_blog et_pb_bg_layout_light et_pb_posts et_pb_module\"><div class=\"et_pb_ajax_pagination_container\"><div class=\"et_pb_blog_posts et_grid_module\"><article class=\"et_pb_post et_pb_post_id_9911 clearfix et_pb_blog_item_0_0 post-9911 post type-post status-publish format-standard has-post-thumbnail hentry category-einblicke tag-it tag-kostenmanagement\"><div class=\"et_pb_image_container\"><a href=\"https:\/\/centida.com\/de\/insights\/cio-die-verborgenen-kosten-fragmentierter-systeme\/\" class=\"entry-featured-image-url\"><img decoding=\"async\" src=\"https:\/\/centida.com\/wp-content\/uploads\/2026\/09\/IT_Cost_Fragmented_Systems_Video_Image.png\" width=\"400\" height=\"250\" alt=\"IT Cost | Centida\" class=\"\" srcset=\"https:\/\/centida.com\/wp-content\/uploads\/2026\/09\/IT_Cost_Fragmented_Systems_Video_Image.png 479w, https:\/\/centida.com\/wp-content\/uploads\/2026\/09\/IT_Cost_Fragmented_Systems_Video_Image-400x250.png 480w\" sizes=\"(max-width:479px) 479px, 100vw\" \/><span data-icon=\"\ue050\" class=\"et_overlay et_pb_inline_icon\"><\/span><\/a><\/div><h2 class=\"entry-title\"><a href=\"https:\/\/centida.com\/de\/insights\/cio-die-verborgenen-kosten-fragmentierter-systeme\/\">CIO: Die verborgenen Kosten fragmentierter Systeme<\/a><\/h2><p class=\"post-meta\"><span class=\"published\">Sep. 1, 2026<\/span> | <span class=\"entry-categories\"><a href=\"https:\/\/centida.com\/de\/video-2\/einblicke\/\" rel=\"tag\">Einblicke<\/a><\/span><\/p><div class=\"post-content\"><div class=\"post-content-inner\"><p>Werner Wind hat seine gesamte Karriere als CIO in mittelst\u00e4ndischen Fertigungsunternehmen in Baden-W\u00fcrttemberg verbracht. In diesem Gespr\u00e4ch legt er dar, was fragmentierte IT-Systeme ein Unternehmen kosten k\u00f6nnen. <\/p>\n<\/div><\/div><\/article><article class=\"et_pb_post et_pb_post_id_9908 clearfix et_pb_blog_item_0_1 post-9908 post type-post status-publish format-standard has-post-thumbnail hentry category-einblicke tag-transformation\"><div class=\"et_pb_image_container\"><a href=\"https:\/\/centida.com\/de\/insights\/lehren-aus-26-jahren-transformation\/\" class=\"entry-featured-image-url\"><img decoding=\"async\" src=\"https:\/\/centida.com\/wp-content\/uploads\/2026\/09\/Human_Factor_Transformation_Video_Image.png\" width=\"400\" height=\"250\" alt=\"Human Factor in Transformation | Centida\" class=\"\" srcset=\"https:\/\/centida.com\/wp-content\/uploads\/2026\/09\/Human_Factor_Transformation_Video_Image.png 479w, https:\/\/centida.com\/wp-content\/uploads\/2026\/09\/Human_Factor_Transformation_Video_Image-400x250.png 480w\" sizes=\"(max-width:479px) 479px, 100vw\" \/><span data-icon=\"\ue050\" class=\"et_overlay et_pb_inline_icon\"><\/span><\/a><\/div><h2 class=\"entry-title\"><a href=\"https:\/\/centida.com\/de\/insights\/lehren-aus-26-jahren-transformation\/\">Lehren aus 26 Jahren Transformation<\/a><\/h2><p class=\"post-meta\"><span class=\"published\">Sep. 1, 2026<\/span> | <span class=\"entry-categories\"><a href=\"https:\/\/centida.com\/de\/video-2\/einblicke\/\" rel=\"tag\">Einblicke<\/a><\/span><\/p><div class=\"post-content\"><div class=\"post-content-inner\"><p>Eka Kamushadze hat 26 Jahre lang Transformation bei Orange Business geleitet, durch jede Welle des technologischen Wandels hindurch. In diesem Gespr\u00e4ch teilt sie, was durch all das hindurch konstant geblieben ist \u2014 der menschliche Faktor. <\/p>\n<\/div><\/div><\/article><article class=\"et_pb_post et_pb_post_id_9905 clearfix et_pb_blog_item_0_2 post-9905 post type-post status-publish format-standard has-post-thumbnail hentry category-einblicke tag-integrierte-planung\"><div class=\"et_pb_image_container\"><a href=\"https:\/\/centida.com\/de\/insights\/europa-ruestet-auf-doch-die-planung-kommt-nicht-mit\/\" class=\"entry-featured-image-url\"><img decoding=\"async\" src=\"https:\/\/centida.com\/wp-content\/uploads\/2026\/09\/EU_Rearming_Video_Image.png\" width=\"400\" height=\"250\" alt=\"Planning in Aerospace and Defence | Centida\" class=\"\" srcset=\"https:\/\/centida.com\/wp-content\/uploads\/2026\/09\/EU_Rearming_Video_Image.png 479w, https:\/\/centida.com\/wp-content\/uploads\/2026\/09\/EU_Rearming_Video_Image-400x250.png 480w\" sizes=\"(max-width:479px) 479px, 100vw\" \/><span data-icon=\"\ue050\" class=\"et_overlay et_pb_inline_icon\"><\/span><\/a><\/div><h2 class=\"entry-title\"><a href=\"https:\/\/centida.com\/de\/insights\/europa-ruestet-auf-doch-die-planung-kommt-nicht-mit\/\">Europa r\u00fcstet auf, doch die Planung kommt nicht mit<\/a><\/h2><p class=\"post-meta\"><span class=\"published\">Sep. 1, 2026<\/span> | <span class=\"entry-categories\"><a href=\"https:\/\/centida.com\/de\/video-2\/einblicke\/\" rel=\"tag\">Einblicke<\/a><\/span><\/p><div class=\"post-content\"><div class=\"post-content-inner\"><p>Luftfahrt- und Verteidigungsunternehmen stehen vor einer Rekordnachfrage, und ihre Planungssysteme waren nie f\u00fcr dieses Tempo ausgelegt. In diesem kurzen Video erkl\u00e4rt Finance Consultant Jaime Andreo, warum Cashflow-Forecasting in dieser Branche weit \u00fcber eine gew\u00f6hnliche Finance-\u00dcbung hinausgeht. <\/p>\n<\/div><\/div><\/article><article class=\"et_pb_post et_pb_post_id_9902 clearfix et_pb_blog_item_0_3 post-9902 post type-post status-publish format-standard has-post-thumbnail hentry category-einblicke tag-integrierte-planung\"><div class=\"et_pb_image_container\"><a href=\"https:\/\/centida.com\/de\/insights\/struktur-vor-tools\/\" class=\"entry-featured-image-url\"><img decoding=\"async\" src=\"https:\/\/centida.com\/wp-content\/uploads\/2026\/09\/Website_Structure_Before_Tools_Video_Image.png\" width=\"400\" height=\"250\" alt=\"Structure Before Tools | Centida\" class=\"\" srcset=\"https:\/\/centida.com\/wp-content\/uploads\/2026\/09\/Website_Structure_Before_Tools_Video_Image.png 479w, https:\/\/centida.com\/wp-content\/uploads\/2026\/09\/Website_Structure_Before_Tools_Video_Image-400x250.png 480w\" sizes=\"(max-width:479px) 479px, 100vw\" \/><span data-icon=\"\ue050\" class=\"et_overlay et_pb_inline_icon\"><\/span><\/a><\/div><h2 class=\"entry-title\"><a href=\"https:\/\/centida.com\/de\/insights\/struktur-vor-tools\/\">Struktur vor Tools<\/a><\/h2><p class=\"post-meta\"><span class=\"published\">Sep. 1, 2026<\/span> | <span class=\"entry-categories\"><a href=\"https:\/\/centida.com\/de\/video-2\/einblicke\/\" rel=\"tag\">Einblicke<\/a><\/span><\/p><div class=\"post-content\"><div class=\"post-content-inner\"><p>Bevor Centida ein Tool baut, wird zun\u00e4chst die richtige Struktur erarbeitet \u2014 eine, die in der gesch\u00e4ftlichen Realit\u00e4t des Kunden verankert ist. In diesem kurzen Video erkl\u00e4rt CEO Christian Barte, warum das Team die Kunden begleitend schult, damit das, was am Ende zur\u00fcckbleibt, keine \u00dcberraschung ist. <\/p>\n<\/div><\/div><\/article><article class=\"et_pb_post et_pb_post_id_9723 clearfix et_pb_blog_item_0_4 post-9723 post type-post status-publish format-standard has-post-thumbnail hentry category-team tag-team\"><div class=\"et_pb_image_container\"><a href=\"https:\/\/centida.com\/de\/insights\/unser-team\/\" class=\"entry-featured-image-url\"><img decoding=\"async\" src=\"https:\/\/centida.com\/wp-content\/uploads\/2026\/07\/Website_Our_Team_Video_Image.jpg\" width=\"400\" height=\"250\" alt=\"Christian Barte, CEO von Centida\" class=\"\" srcset=\"https:\/\/centida.com\/wp-content\/uploads\/2026\/07\/Website_Our_Team_Video_Image.jpg 479w, https:\/\/centida.com\/wp-content\/uploads\/2026\/07\/Website_Our_Team_Video_Image-400x250.jpg 480w\" sizes=\"(max-width:479px) 479px, 100vw\" \/><span data-icon=\"\ue050\" class=\"et_overlay et_pb_inline_icon\"><\/span><\/a><\/div><h2 class=\"entry-title\"><a href=\"https:\/\/centida.com\/de\/insights\/unser-team\/\">Unser Team<\/a><\/h2><p class=\"post-meta\"><span class=\"published\">Juli 27, 2026<\/span> | <span class=\"entry-categories\"><a href=\"https:\/\/centida.com\/de\/video-2\/team\/\" rel=\"tag\">Team<\/a><\/span><\/p><div class=\"post-content\"><div class=\"post-content-inner\"><p>Centida vereint zwei Arten von Expertise, die die meisten Beratungsunternehmen getrennt halten: ausgepr\u00e4gte technische F\u00e4higkeiten auf der einen Seite und fundierte Gesch\u00e4fts- und Finanzerfahrung auf der anderen. In diesem kurzen Video erkl\u00e4rt CEO Christian Barte das USP des Unternehmens: Berater, die als Manager in Unternehmen gearbeitet, aber auch von au\u00dfen beraten haben. <\/p>\n<\/div><\/div><\/article><article class=\"et_pb_post et_pb_post_id_9726 clearfix et_pb_blog_item_0_5 post-9726 post type-post status-publish format-standard has-post-thumbnail hentry category-einblicke tag-integrierte-planung\"><div class=\"et_pb_image_container\"><a href=\"https:\/\/centida.com\/de\/insights\/steuerungskonzept\/\" class=\"entry-featured-image-url\"><img decoding=\"async\" src=\"https:\/\/centida.com\/wp-content\/uploads\/2026\/07\/Website_Steering_Foundation_Video_Image.jpg\" width=\"400\" height=\"250\" alt=\"Christian Barte, CEO von Centida\" class=\"\" srcset=\"https:\/\/centida.com\/wp-content\/uploads\/2026\/07\/Website_Steering_Foundation_Video_Image.jpg 479w, https:\/\/centida.com\/wp-content\/uploads\/2026\/07\/Website_Steering_Foundation_Video_Image-400x250.jpg 480w\" sizes=\"(max-width:479px) 479px, 100vw\" \/><span data-icon=\"\ue050\" class=\"et_overlay et_pb_inline_icon\"><\/span><\/a><\/div><h2 class=\"entry-title\"><a href=\"https:\/\/centida.com\/de\/insights\/steuerungskonzept\/\">Steuerungskonzept<\/a><\/h2><p class=\"post-meta\"><span class=\"published\">Juli 27, 2026<\/span> | <span class=\"entry-categories\"><a href=\"https:\/\/centida.com\/de\/video-2\/einblicke\/\" rel=\"tag\">Einblicke<\/a><\/span><\/p><div class=\"post-content\"><div class=\"post-content-inner\"><p>Centida-CEO Christian Barte erl\u00e4utert, warum unter dem heutigen Marktdruck ein solides Steuerungskonzept wichtiger ist denn je: vorausschauend planen, was kommen k\u00f6nnte, berichten, wo Sie tats\u00e4chlich stehen, und \u00fcber die Governance und die Mitarbeiter verf\u00fcgen, um zu wissen, was zu tun ist, bevor es Sie trifft.<\/p>\n<\/div><\/div><\/article><\/div><div class=\"pagination clearfix\">\n\t<div class=\"alignleft\"><\/div>\n\t<div class=\"alignright\"><\/div>\n<\/div><\/div><\/div>\n<\/div>\n<\/div>\n<\/div>\n\n<div class=\"et_pb_section_2 et_pb_section et_section_regular et_block_section\">\n<div class=\"et_pb_row_2 et_pb_row et_block_row\">\n<div class=\"et_pb_column_2 et_pb_column et_pb_column_4_4 et-last-child et_block_column et_pb_css_mix_blend_mode_passthrough\">\n<div class=\"et_pb_heading_2 et_pb_heading et_pb_module et_block_module\"><div class=\"et_pb_heading_container\"><h3 class=\"et_pb_module_header\">Vergangene Webinare<\/h3><\/div><\/div>\n<\/div>\n<\/div>\n\n<div class=\"et_pb_row_3 et_pb_row et_grid_row\">\n<div class=\"et_pb_column_3 et_pb_column et_flex_column et_pb_css_mix_blend_mode_passthrough\">\n<div class=\"et_pb_text_1 et_pb_text et_pb_bg_layout_light et_pb_module et_flex_module preset--module--divi-text--default\"><div class=\"et_pb_text_inner\"><h4>CPM: Wann es funktioniert und wann nicht<\/h4>\n<p><em>Webinar \u00b7 M\u00e4rz 2025<\/em><\/p>\n<p><span>Der renommierte Experte f\u00fcr Performance Management, Gary Cokins, er\u00f6rtert gemeinsam mit uns die gr\u00f6\u00dften Herausforderungen, denen Unternehmen im Bereich CPM gegen\u00fcberstehen.<\/span><\/p>\n<\/div><\/div>\n\n<div class=\"et_pb_module et_pb_button_module_wrapper et_pb_button_0_wrapper\"><a class=\"et_pb_button_0 et_pb_button et_pb_bg_layout_light et_pb_module et_block_module\" href=\"https:\/\/www.youtube.com\/live\/wNnyn3IDZrA?si=2ftXGS3KNrhr0eeU\" target=\"_blank\" rel=\"noopener\">Jetzt ansehen<\/a><\/div>\n<\/div>\n\n<div class=\"et_pb_column_4 et_pb_column et_flex_column et_pb_css_mix_blend_mode_passthrough\">\n<div class=\"et_pb_text_2 et_pb_text et_pb_bg_layout_light et_pb_module et_flex_module preset--module--divi-text--default\"><div class=\"et_pb_text_inner\"><h4>Power BI Migration in die Azure Cloud<\/h4>\n<p><em>Webinar \u00b7 Februar 2025<\/em><\/p>\n<p><span>In einem Live-Webinar werden Szabolcs Tam\u00e1s und Nik Pavlov alle Phasen eines Power BI-Migrationsprojekts behandeln sowie zentrale Herausforderungen und L\u00f6sungen vorstellen. <\/span><\/p>\n<\/div><\/div>\n\n<div class=\"et_pb_module et_pb_button_module_wrapper et_pb_button_1_wrapper\"><a class=\"et_pb_button_1 et_pb_button et_pb_bg_layout_light et_pb_module et_flex_module\" href=\"https:\/\/www.youtube.com\/live\/tF0jAm9JyJk?si=v2TE_0lRxsshfx7X\" target=\"_blank\" rel=\"noopener\">Jetzt ansehen<\/a><\/div>\n<\/div>\n\n<div class=\"et_pb_column_5 et_pb_column et-last-child et_flex_column et_pb_css_mix_blend_mode_passthrough\">\n<div class=\"et_pb_text_3 et_pb_text et_pb_bg_layout_light et_pb_module et_flex_module preset--module--divi-text--default\"><div class=\"et_pb_text_inner\"><h4>Budgetierung: Herausforderungen meistern<\/h4>\n<p><em>Webinar \u00b7 Januar 2025<\/em><\/p>\n<p><span>Wir diskutieren die Herausforderungen traditioneller Budgetierungsprozesse und zeigen auf, wie diese modernisiert werden k\u00f6nnen, um eine bessere Entscheidungsfindung und langfristige Performance zu erzielen. <\/span><\/p>\n<\/div><\/div>\n\n<div class=\"et_pb_module et_pb_button_module_wrapper et_pb_button_2_wrapper\"><a class=\"et_pb_button_2 et_pb_button et_pb_bg_layout_light et_pb_module et_flex_module\" href=\"https:\/\/youtu.be\/JdnKrkVhAgw?si=yJmuwcHfZxcoifRt\" target=\"_blank\" rel=\"noopener\">Jetzt ansehen<\/a><\/div>\n<\/div>\n<\/div>\n<\/div>","protected":false},"excerpt":{"rendered":"","protected":false},"author":2,"featured_media":0,"parent":7430,"menu_order":1,"comment_status":"closed","ping_status":"closed","template":"","meta":{"footnotes":""},"class_list":["post-7461","page","type-page","status-publish","hentry"],"_links":{"self":[{"href":"https:\/\/centida.com\/de\/wp-json\/wp\/v2\/pages\/7461","targetHints":{"allow":["GET"]}}],"collection":[{"href":"https:\/\/centida.com\/de\/wp-json\/wp\/v2\/pages"}],"about":[{"href":"https:\/\/centida.com\/de\/wp-json\/wp\/v2\/types\/page"}],"author":[{"embeddable":true,"href":"https:\/\/centida.com\/de\/wp-json\/wp\/v2\/users\/2"}],"replies":[{"embeddable":true,"href":"https:\/\/centida.com\/de\/wp-json\/wp\/v2\/comments?post=7461"}],"version-history":[{"count":8,"href":"https:\/\/centida.com\/de\/wp-json\/wp\/v2\/pages\/7461\/revisions"}],"predecessor-version":[{"id":9924,"href":"https:\/\/centida.com\/de\/wp-json\/wp\/v2\/pages\/7461\/revisions\/9924"}],"up":[{"embeddable":true,"href":"https:\/\/centida.com\/de\/wp-json\/wp\/v2\/pages\/7430"}],"wp:attachment":[{"href":"https:\/\/centida.com\/de\/wp-json\/wp\/v2\/media?parent=7461"}],"curies":[{"name":"wp","href":"https:\/\/api.w.org\/{rel}","templated":true}]}}